{"id":545,"date":"2025-06-03T15:37:14","date_gmt":"2025-06-03T20:37:14","guid":{"rendered":"https:\/\/siempreenclase.cundinamarca.gov.co\/secsuperior\/?page_id=545"},"modified":"2025-11-21T16:40:23","modified_gmt":"2025-11-21T21:40:23","slug":"permanencia-2025-2","status":"publish","type":"page","link":"https:\/\/siempreenclase.cundinamarca.gov.co\/secsuperior\/permanencia-2025-2\/","title":{"rendered":"Permanencia\u00a0(2025-2)"},"content":{"rendered":"\t\t<div data-elementor-type=\"wp-page\" data-elementor-id=\"545\" class=\"elementor elementor-545\" data-elementor-post-type=\"page\">\n\t\t\t\t<div class=\"elementor-element elementor-element-a0a9ad2 e-flex e-con-boxed e-con e-parent\" data-id=\"a0a9ad2\" data-element_type=\"container\" data-e-type=\"container\" data-settings=\"{&quot;background_background&quot;:&quot;classic&quot;}\">\n\t\t\t\t\t<div class=\"e-con-inner\">\n\t\t<div class=\"elementor-element elementor-element-55ff949 e-con-full e-flex e-con e-child\" data-id=\"55ff949\" data-element_type=\"container\" data-e-type=\"container\">\n\t\t\t\t<div class=\"elementor-element elementor-element-7209570 elementor-widget elementor-widget-heading\" data-id=\"7209570\" data-element_type=\"widget\" data-e-type=\"widget\" data-widget_type=\"heading.default\">\n\t\t\t\t\t<h2 class=\"elementor-heading-title elementor-size-default\">Inicio &gt; Cundinamarca M\u00e1s Profesional<\/h2>\t\t\t\t<\/div>\n\t\t\t\t<\/div>\n\t\t\t\t\t<\/div>\n\t\t\t\t<\/div>\n\t\t<div class=\"elementor-element elementor-element-3ce50a1 e-flex e-con-boxed e-con e-parent\" data-id=\"3ce50a1\" data-element_type=\"container\" data-e-type=\"container\">\n\t\t\t\t\t<div class=\"e-con-inner\">\n\t\t<div class=\"elementor-element elementor-element-ff02be5 e-con-full e-flex e-con e-child\" data-id=\"ff02be5\" data-element_type=\"container\" data-e-type=\"container\">\n\t\t<div class=\"elementor-element elementor-element-53fe012 e-con-full e-flex e-con e-child\" data-id=\"53fe012\" data-element_type=\"container\" data-e-type=\"container\">\n\t\t\t\t<div class=\"elementor-element elementor-element-9619b87 elementor-widget elementor-widget-heading\" data-id=\"9619b87\" data-element_type=\"widget\" data-e-type=\"widget\" data-widget_type=\"heading.default\">\n\t\t\t\t\t<h3 class=\"elementor-heading-title elementor-size-default\">\u00bfA qui\u00e9n est\u00e1 dirigido?<\/h3>\t\t\t\t<\/div>\n\t\t\t\t<div class=\"elementor-element elementor-element-105689a elementor-widget elementor-widget-text-editor\" data-id=\"105689a\" data-element_type=\"widget\" data-e-type=\"widget\" data-widget_type=\"text-editor.default\">\n\t\t\t\t\t\t\t\t\t<p>Poblaci\u00f3n cundinamarquesa o que haya vivido en el departamento por, al menos cinco (5) a\u00f1os, graduado de una instituci\u00f3n educativa p\u00fablica o privada de Cundinamarca (pueden aplicar convalidados por ICFES mientras cumplan el resto de requisitos habilitantes), admitido(a) para cursar un programa <strong>profesional, t\u00e9cnico o tecnol\u00f3gico<\/strong> en una de las IES aliada del Fondo \u00abCundinamarca M\u00e1s Profesional\u00bb (o ya estarlo cursando) y que haya presentado la prueba Saber 11 (antes ICFES).<\/p>\t\t\t\t\t\t\t\t<\/div>\n\t\t\t\t<\/div>\n\t\t<div class=\"elementor-element elementor-element-64995fc e-con-full e-flex e-con e-child\" data-id=\"64995fc\" data-element_type=\"container\" data-e-type=\"container\">\n\t\t\t\t<div class=\"elementor-element elementor-element-0b623cf elementor-widget elementor-widget-heading\" data-id=\"0b623cf\" data-element_type=\"widget\" data-e-type=\"widget\" data-widget_type=\"heading.default\">\n\t\t\t\t\t<h3 class=\"elementor-heading-title elementor-size-default\">\u00bfC\u00f3mo te financiaremos?<\/h3>\t\t\t\t<\/div>\n\t\t\t\t<div class=\"elementor-element elementor-element-99985fe elementor-widget elementor-widget-text-editor\" data-id=\"99985fe\" data-element_type=\"widget\" data-e-type=\"widget\" data-widget_type=\"text-editor.default\">\n\t\t\t\t\t\t\t\t\t<p>Esta estrategia opera bajo un esquema de subsidios. Si cumples con los requisitos m\u00ednimos, evaluamos tu nivel de vulnerabilidad socioecon\u00f3mica. Seg\u00fan la distancia entre tu lugar de residencia y lugar de estudios, se definir\u00e1 el valor del apoyo que recibir\u00e1s. Ten en cuenta el siguiente esquema:<\/p><div style=\"overflow-x: auto;\"><table class=\"tabla-programa\"><tbody><tr><td class=\"modalidad\"><strong>BENEFICIARIOS CUYO LUGAR DE RESIDENCIA SE ENCUENTRA UBICADO A UNA DISTANCIA ENTRE 1,00 KM Y 35,99 KM DE LA INSTITUCI\u00d3N DE EDUCACI\u00d3N SUPERIOR (IES)<\/strong><\/td><td class=\"modalidad\"><strong>BENEFICIARIOS CUYO LUGAR DE RESIDENCIA SE ENCUENTRA UBICADO A UNA DISTANCIA ENTRE 36,00 KM Y 59,99 KM DE LA INSTITUCI\u00d3N DE EDUCACI\u00d3N SUPERIOR (IES)<\/strong><\/td><td class=\"modalidad\"><strong>BENEFICIARIOS CUYO LUGAR DE RESIDENCIA SE ENCUENTRA UBICADO A UNA DISTANCIA IGUAL O SUPERIOR A 60,00 KM DE LA INSTITUCI\u00d3N DE EDUCACI\u00d3N SUPERIOR (IES)<\/strong><\/td><\/tr><tr><td class=\"titulo-valor\" colspan=\"3\"><strong>VALOR A FINANCIAR HASTA POR<\/strong><\/td><\/tr><tr><td class=\"valores\">0,3 SMMLV<\/td><td class=\"valores\">0,5 SMMLV<\/td><td class=\"valores\">1 SMMLV<\/td><\/tr><\/tbody><\/table><\/div><p><strong>Recuerda que deber\u00e1s presentarte a la convocatoria de esta estrategia antes de iniciar cada periodo acad\u00e9mico, sin excepciones.<\/strong><\/p>\t\t\t\t\t\t\t\t<\/div>\n\t\t\t\t<\/div>\n\t\t<div class=\"elementor-element elementor-element-b692a84 e-con-full e-flex e-con e-child\" data-id=\"b692a84\" data-element_type=\"container\" data-e-type=\"container\">\n\t\t\t\t<div class=\"elementor-element elementor-element-a12fbf1 elementor-widget elementor-widget-heading\" data-id=\"a12fbf1\" data-element_type=\"widget\" data-e-type=\"widget\" data-widget_type=\"heading.default\">\n\t\t\t\t\t<h3 class=\"elementor-heading-title elementor-size-default\">Requisitos habilitantes<\/h3>\t\t\t\t<\/div>\n\t\t\t\t<div class=\"elementor-element elementor-element-74cd5ec elementor-widget elementor-widget-text-editor\" data-id=\"74cd5ec\" data-element_type=\"widget\" data-e-type=\"widget\" data-widget_type=\"text-editor.default\">\n\t\t\t\t\t\t\t\t\t<p>Para acceder a la convocatoria, deber\u00e1s cumplir todos los siguientes requisitos:<\/p>\t\t\t\t\t\t\t\t<\/div>\n\t\t\t\t<div class=\"elementor-element elementor-element-c367f02 elementor-align-start elementor-icon-list--layout-traditional elementor-list-item-link-full_width elementor-widget elementor-widget-icon-list\" data-id=\"c367f02\" data-element_type=\"widget\" data-e-type=\"widget\" data-widget_type=\"icon-list.default\">\n\t\t\t\t\t\t\t<ul class=\"elementor-icon-list-items\">\n\t\t\t\t\t\t\t<li class=\"elementor-icon-list-item\">\n\t\t\t\t\t\t\t\t\t\t\t<span class=\"elementor-icon-list-icon\">\n\t\t\t\t\t\t\t<svg aria-hidden=\"true\" class=\"e-font-icon-svg e-fas-check\" viewBox=\"0 0 512 512\" xmlns=\"http:\/\/www.w3.org\/2000\/svg\"><path d=\"M173.898 439.404l-166.4-166.4c-9.997-9.997-9.997-26.206 0-36.204l36.203-36.204c9.997-9.998 26.207-9.998 36.204 0L192 312.69 432.095 72.596c9.997-9.997 26.207-9.997 36.204 0l36.203 36.204c9.997 9.997 9.997 26.206 0 36.204l-294.4 294.401c-9.998 9.997-26.207 9.997-36.204-.001z\"><\/path><\/svg>\t\t\t\t\t\t<\/span>\n\t\t\t\t\t\t\t\t\t\t<span class=\"elementor-icon-list-text\">Ser ciudadano colombiano de nacimiento o nacionalizado.<\/span>\n\t\t\t\t\t\t\t\t\t<\/li>\n\t\t\t\t\t\t\t\t<li class=\"elementor-icon-list-item\">\n\t\t\t\t\t\t\t\t\t\t\t<span class=\"elementor-icon-list-icon\">\n\t\t\t\t\t\t\t<svg aria-hidden=\"true\" class=\"e-font-icon-svg e-fas-check\" viewBox=\"0 0 512 512\" xmlns=\"http:\/\/www.w3.org\/2000\/svg\"><path d=\"M173.898 439.404l-166.4-166.4c-9.997-9.997-9.997-26.206 0-36.204l36.203-36.204c9.997-9.998 26.207-9.998 36.204 0L192 312.69 432.095 72.596c9.997-9.997 26.207-9.997 36.204 0l36.203 36.204c9.997 9.997 9.997 26.206 0 36.204l-294.4 294.401c-9.998 9.997-26.207 9.997-36.204-.001z\"><\/path><\/svg>\t\t\t\t\t\t<\/span>\n\t\t\t\t\t\t\t\t\t\t<span class=\"elementor-icon-list-text\">Ser nacido en el Departamento de Cundinamarca o haber residido en el Departamento por, al menos, los \u00faltimos cinco (5) a\u00f1os o m\u00e1s. Deber\u00e1 anexar certificaci\u00f3n emitida por la administraci\u00f3n municipal.<\/span>\n\t\t\t\t\t\t\t\t\t<\/li>\n\t\t\t\t\t\t\t\t<li class=\"elementor-icon-list-item\">\n\t\t\t\t\t\t\t\t\t\t\t<span class=\"elementor-icon-list-icon\">\n\t\t\t\t\t\t\t<svg aria-hidden=\"true\" class=\"e-font-icon-svg e-fas-check\" viewBox=\"0 0 512 512\" xmlns=\"http:\/\/www.w3.org\/2000\/svg\"><path d=\"M173.898 439.404l-166.4-166.4c-9.997-9.997-9.997-26.206 0-36.204l36.203-36.204c9.997-9.998 26.207-9.998 36.204 0L192 312.69 432.095 72.596c9.997-9.997 26.207-9.997 36.204 0l36.203 36.204c9.997 9.997 9.997 26.206 0 36.204l-294.4 294.401c-9.998 9.997-26.207 9.997-36.204-.001z\"><\/path><\/svg>\t\t\t\t\t\t<\/span>\n\t\t\t\t\t\t\t\t\t\t<span class=\"elementor-icon-list-text\">Ser egresado de una instituci\u00f3n educativa p\u00fablica o privada de alguno  de los municipios pertenecientes al departamento de Cundinamarca. En caso de que el grado del postulante se haya dado a trav\u00e9s de modalidad virtual o \u201cconvalidaci\u00f3n por el ICFES\u201d, se entender\u00e1 como criterio preponderante haber nacido en Cundinamarca o haber residido por los \u00faltimos cinco (5) a\u00f1os o m\u00e1s en el Departamento.<\/span>\n\t\t\t\t\t\t\t\t\t<\/li>\n\t\t\t\t\t\t\t\t<li class=\"elementor-icon-list-item\">\n\t\t\t\t\t\t\t\t\t\t\t<span class=\"elementor-icon-list-icon\">\n\t\t\t\t\t\t\t<svg aria-hidden=\"true\" class=\"e-font-icon-svg e-fas-check\" viewBox=\"0 0 512 512\" xmlns=\"http:\/\/www.w3.org\/2000\/svg\"><path d=\"M173.898 439.404l-166.4-166.4c-9.997-9.997-9.997-26.206 0-36.204l36.203-36.204c9.997-9.998 26.207-9.998 36.204 0L192 312.69 432.095 72.596c9.997-9.997 26.207-9.997 36.204 0l36.203 36.204c9.997 9.997 9.997 26.206 0 36.204l-294.4 294.401c-9.998 9.997-26.207 9.997-36.204-.001z\"><\/path><\/svg>\t\t\t\t\t\t<\/span>\n\t\t\t\t\t\t\t\t\t\t<span class=\"elementor-icon-list-text\"> Estar inscrito en la base de datos nacional del SISB\u00c9N en alguno de los 116 municipios del Departamento de Cundinamarca, verificable a trav\u00e9s del Departamento Nacional de Planeaci\u00f3n - DNP. En el caso de poblaci\u00f3n v\u00edctima oficialmente reconocida, tener certificaci\u00f3n expedida por la entidad responsable y estar caracterizado (que en el certificado aparezca que se le reconoci\u00f3 como v\u00edctima) en uno de los municipios del Departamento de Cundinamarca, verificable en la base de datos de la entidad responsable.<\/span>\n\t\t\t\t\t\t\t\t\t<\/li>\n\t\t\t\t\t\t\t\t<li class=\"elementor-icon-list-item\">\n\t\t\t\t\t\t\t\t\t\t\t<span class=\"elementor-icon-list-icon\">\n\t\t\t\t\t\t\t<svg aria-hidden=\"true\" class=\"e-font-icon-svg e-fas-check\" viewBox=\"0 0 512 512\" xmlns=\"http:\/\/www.w3.org\/2000\/svg\"><path d=\"M173.898 439.404l-166.4-166.4c-9.997-9.997-9.997-26.206 0-36.204l36.203-36.204c9.997-9.998 26.207-9.998 36.204 0L192 312.69 432.095 72.596c9.997-9.997 26.207-9.997 36.204 0l36.203 36.204c9.997 9.997 9.997 26.206 0 36.204l-294.4 294.401c-9.998 9.997-26.207 9.997-36.204-.001z\"><\/path><\/svg>\t\t\t\t\t\t<\/span>\n\t\t\t\t\t\t\t\t\t\t<span class=\"elementor-icon-list-text\">Presentar constancia de admisi\u00f3n o recibo de matr\u00edcula en alguna de las Instituciones de Educaci\u00f3n Superior (IES) de car\u00e1cter oficial o privado reconocidas por el Estado y que haga parte de las Instituciones de Educaci\u00f3n Superior con las que se tiene convenio. <\/span>\n\t\t\t\t\t\t\t\t\t<\/li>\n\t\t\t\t\t\t\t\t<li class=\"elementor-icon-list-item\">\n\t\t\t\t\t\t\t\t\t\t\t<span class=\"elementor-icon-list-icon\">\n\t\t\t\t\t\t\t<svg aria-hidden=\"true\" class=\"e-font-icon-svg e-fas-check\" viewBox=\"0 0 512 512\" xmlns=\"http:\/\/www.w3.org\/2000\/svg\"><path d=\"M173.898 439.404l-166.4-166.4c-9.997-9.997-9.997-26.206 0-36.204l36.203-36.204c9.997-9.998 26.207-9.998 36.204 0L192 312.69 432.095 72.596c9.997-9.997 26.207-9.997 36.204 0l36.203 36.204c9.997 9.997 9.997 26.206 0 36.204l-294.4 294.401c-9.998 9.997-26.207 9.997-36.204-.001z\"><\/path><\/svg>\t\t\t\t\t\t<\/span>\n\t\t\t\t\t\t\t\t\t\t<span class=\"elementor-icon-list-text\">Acreditar la presentaci\u00f3n de las pruebas Saber 11 para estudiantes que aplican a primer semestre de programas acad\u00e9micos.<\/span>\n\t\t\t\t\t\t\t\t\t<\/li>\n\t\t\t\t\t\t\t\t<li class=\"elementor-icon-list-item\">\n\t\t\t\t\t\t\t\t\t\t\t<span class=\"elementor-icon-list-icon\">\n\t\t\t\t\t\t\t<svg aria-hidden=\"true\" class=\"e-font-icon-svg e-fas-check\" viewBox=\"0 0 512 512\" xmlns=\"http:\/\/www.w3.org\/2000\/svg\"><path d=\"M173.898 439.404l-166.4-166.4c-9.997-9.997-9.997-26.206 0-36.204l36.203-36.204c9.997-9.998 26.207-9.998 36.204 0L192 312.69 432.095 72.596c9.997-9.997 26.207-9.997 36.204 0l36.203 36.204c9.997 9.997 9.997 26.206 0 36.204l-294.4 294.401c-9.998 9.997-26.207 9.997-36.204-.001z\"><\/path><\/svg>\t\t\t\t\t\t<\/span>\n\t\t\t\t\t\t\t\t\t\t<span class=\"elementor-icon-list-text\">Si el aspirante solicita los beneficios del Fondo para un periodo acad\u00e9mico distinto al primero, deber\u00e1 presentar adicionalmente un certificado de notas del periodo acad\u00e9mico inmediatamente anterior al que se solicita la estrategia, expedido por la IES en la que conste: notas de todas las asignaturas y con un promedio acumulado de carrera superior al m\u00ednimo requerido por la Instituci\u00f3n de Educaci\u00f3n Superior (IES) para aprobar el periodo acad\u00e9mico.<\/span>\n\t\t\t\t\t\t\t\t\t<\/li>\n\t\t\t\t\t\t<\/ul>\n\t\t\t\t\t\t<\/div>\n\t\t\t\t<div class=\"elementor-element elementor-element-44cbb1e elementor-widget elementor-widget-text-editor\" data-id=\"44cbb1e\" data-element_type=\"widget\" data-e-type=\"widget\" data-widget_type=\"text-editor.default\">\n\t\t\t\t\t\t\t\t\t<p><strong>Nota importante: <\/strong><\/p><p>Los cundinamarqueses cuya residencia sea de m\u00ednimo de cinco (5) a\u00f1os en alguno de los 116 municipios del Departamento y por cuestiones sociales, econ\u00f3micas, geogr\u00e1ficas y acad\u00e9micas se hayan graduado de Instituciones Educativas de los municipios lim\u00edtrofes (Villavicencio \u2013 Meta, Cumaral \u2013 Meta, La Dorada \u2013 Caldas, Chiquinquir\u00e1 \u2013 Boyac\u00e1, Guateque \u2013 Boyac\u00e1, Flandes \u2013 Tolima, Honda \u2013 Tolima, Ambalema \u2013 Tolima, Icononzo \u2013 Tolima) podr\u00e1n acceder a\u00a0 esta estrategia dando estricto cumplimiento a los requisitos establecidos.<\/p>\t\t\t\t\t\t\t\t<\/div>\n\t\t\t\t<\/div>\n\t\t\t\t<\/div>\n\t\t<div class=\"elementor-element elementor-element-f96188f e-con-full e-flex e-con e-child\" data-id=\"f96188f\" data-element_type=\"container\" data-e-type=\"container\">\n\t\t<div class=\"elementor-element elementor-element-c0dfa4f e-con-full e-flex e-con e-child\" data-id=\"c0dfa4f\" data-element_type=\"container\" data-e-type=\"container\">\n\t\t\t\t<div class=\"elementor-element elementor-element-f402779 elementor-button-info elementor-align-justify elementor-widget elementor-widget-button\" data-id=\"f402779\" data-element_type=\"widget\" data-e-type=\"widget\" data-widget_type=\"button.default\">\n\t\t\t\t\t\t\t\t\t\t<a class=\"elementor-button elementor-button-link elementor-size-sm elementor-animation-shrink\" href=\"https:\/\/siempreenclase.cundinamarca.gov.co\/secsuperior\/wp-content\/uploads\/2025\/07\/Resultados-finales-Fondo-Cundinamarca-Mas-Profesional-2025-2-E.-Permanencia.pdf\">\n\t\t\t\t\t\t<span class=\"elementor-button-content-wrapper\">\n\t\t\t\t\t\t\t\t\t<span class=\"elementor-button-text\">Resultados<\/span>\n\t\t\t\t\t<\/span>\n\t\t\t\t\t<\/a>\n\t\t\t\t\t\t\t\t<\/div>\n\t\t\t\t<div class=\"elementor-element elementor-element-64120b9 elementor-widget elementor-widget-text-editor\" data-id=\"64120b9\" data-element_type=\"widget\" data-e-type=\"widget\" data-widget_type=\"text-editor.default\">\n\t\t\t\t\t\t\t\t\t<p><strong>Grabaci\u00f3n<\/strong> de la sesi\u00f3n de resoluci\u00f3n de dudas del viernes 13 de junio<\/p>\t\t\t\t\t\t\t\t<\/div>\n\t\t\t\t<div class=\"elementor-element elementor-element-e1c7bc7 elementor-button-info elementor-align-justify elementor-widget elementor-widget-button\" data-id=\"e1c7bc7\" data-element_type=\"widget\" data-e-type=\"widget\" data-widget_type=\"button.default\">\n\t\t\t\t\t\t\t\t\t\t<a class=\"elementor-button elementor-button-link elementor-size-sm elementor-animation-shrink\" href=\"https:\/\/secundinamarca-my.sharepoint.com\/:v:\/g\/personal\/educacionsuperior_secundinamarca_edu_co\/EQ2Y94T0S9pEsT3vaIrp5dYBq4_d_-ywnrcoOhBLaOZcAw?nav=eyJyZWZlcnJhbEluZm8iOnsicmVmZXJyYWxBcHAiOiJPbmVEcml2ZUZvckJ1c2luZXNzIiwicmVmZXJyYWxBcHBQbGF0Zm9ybSI6IldlYiIsInJlZmVycmFsTW9kZSI6InZpZXciLCJyZWZlcnJhbFZpZXciOiJNeUZpbGVzTGlua0NvcHkifX0&#038;e=brkWVL\" target=\"_blank\">\n\t\t\t\t\t\t<span class=\"elementor-button-content-wrapper\">\n\t\t\t\t\t\t\t\t\t<span class=\"elementor-button-text\">Grabaci\u00f3n viernes 13 de Junio<\/span>\n\t\t\t\t\t<\/span>\n\t\t\t\t\t<\/a>\n\t\t\t\t\t\t\t\t<\/div>\n\t\t\t\t<div class=\"elementor-element elementor-element-6adfc9e elementor-button-info elementor-align-justify elementor-widget elementor-widget-button\" data-id=\"6adfc9e\" data-element_type=\"widget\" data-e-type=\"widget\" data-widget_type=\"button.default\">\n\t\t\t\t\t\t\t\t\t\t<a class=\"elementor-button elementor-button-link elementor-size-sm elementor-animation-shrink\" href=\"https:\/\/secundinamarca-my.sharepoint.com\/:v:\/g\/personal\/educacionsuperior_secundinamarca_edu_co\/Ed3AGUXGw11OnYjgF3CRCtABBjCkNV_d8C_g5GJj8F38tw?nav=eyJyZWZlcnJhbEluZm8iOnsicmVmZXJyYWxBcHAiOiJPbmVEcml2ZUZvckJ1c2luZXNzIiwicmVmZXJyYWxBcHBQbGF0Zm9ybSI6IldlYiIsInJlZmVycmFsTW9kZSI6InZpZXciLCJyZWZlcnJhbFZpZXciOiJNeUZpbGVzTGlua0NvcHkifX0&#038;e=wsq3oI\" target=\"_blank\">\n\t\t\t\t\t\t<span class=\"elementor-button-content-wrapper\">\n\t\t\t\t\t\t\t\t\t<span class=\"elementor-button-text\">Grabaci\u00f3n viernes 20 de Junio<\/span>\n\t\t\t\t\t<\/span>\n\t\t\t\t\t<\/a>\n\t\t\t\t\t\t\t\t<\/div>\n\t\t\t\t<\/div>\n\t\t<div class=\"elementor-element elementor-element-e257d56 e-con-full e-flex e-con e-child\" data-id=\"e257d56\" data-element_type=\"container\" data-e-type=\"container\">\n\t\t\t\t<div class=\"elementor-element elementor-element-72cedc6 elementor-widget elementor-widget-heading\" data-id=\"72cedc6\" data-element_type=\"widget\" data-e-type=\"widget\" data-widget_type=\"heading.default\">\n\t\t\t\t\t<h3 class=\"elementor-heading-title elementor-size-default\">Resultados<\/h3>\t\t\t\t<\/div>\n\t\t\t\t<div class=\"elementor-element elementor-element-5553826 elementor-align-start elementor-icon-list--layout-traditional elementor-list-item-link-full_width elementor-widget elementor-widget-icon-list\" data-id=\"5553826\" data-element_type=\"widget\" data-e-type=\"widget\" data-widget_type=\"icon-list.default\">\n\t\t\t\t\t\t\t<ul class=\"elementor-icon-list-items\">\n\t\t\t\t\t\t\t<li class=\"elementor-icon-list-item\">\n\t\t\t\t\t\t\t\t\t\t\t<a href=\"https:\/\/gobernacion.coopminutodedios.com\/estado-postulacion\/\">\n\n\t\t\t\t\t\t\t\t\t\t\t\t<span class=\"elementor-icon-list-icon\">\n\t\t\t\t\t\t\t<svg aria-hidden=\"true\" class=\"e-font-icon-svg e-far-file-pdf\" viewBox=\"0 0 384 512\" xmlns=\"http:\/\/www.w3.org\/2000\/svg\"><path d=\"M369.9 97.9L286 14C277 5 264.8-.1 252.1-.1H48C21.5 0 0 21.5 0 48v416c0 26.5 21.5 48 48 48h288c26.5 0 48-21.5 48-48V131.9c0-12.7-5.1-25-14.1-34zM332.1 128H256V51.9l76.1 76.1zM48 464V48h160v104c0 13.3 10.7 24 24 24h104v288H48zm250.2-143.7c-12.2-12-47-8.7-64.4-6.5-17.2-10.5-28.7-25-36.8-46.3 3.9-16.1 10.1-40.6 5.4-56-4.2-26.2-37.8-23.6-42.6-5.9-4.4 16.1-.4 38.5 7 67.1-10 23.9-24.9 56-35.4 74.4-20 10.3-47 26.2-51 46.2-3.3 15.8 26 55.2 76.1-31.2 22.4-7.4 46.8-16.5 68.4-20.1 18.9 10.2 41 17 55.8 17 25.5 0 28-28.2 17.5-38.7zm-198.1 77.8c5.1-13.7 24.5-29.5 30.4-35-19 30.3-30.4 35.7-30.4 35zm81.6-190.6c7.4 0 6.7 32.1 1.8 40.8-4.4-13.9-4.3-40.8-1.8-40.8zm-24.4 136.6c9.7-16.9 18-37 24.7-54.7 8.3 15.1 18.9 27.2 30.1 35.5-20.8 4.3-38.9 13.1-54.8 19.2zm131.6-5s-5 6-37.3-7.8c35.1-2.6 40.9 5.4 37.3 7.8z\"><\/path><\/svg>\t\t\t\t\t\t<\/span>\n\t\t\t\t\t\t\t\t\t\t<span class=\"elementor-icon-list-text\">Consulta el estado de tu postulaci\u00f3n<\/span>\n\t\t\t\t\t\t\t\t\t\t\t<\/a>\n\t\t\t\t\t\t\t\t\t<\/li>\n\t\t\t\t\t\t\t\t<li class=\"elementor-icon-list-item\">\n\t\t\t\t\t\t\t\t\t\t\t<a href=\"https:\/\/share.hsforms.com\/194A96eE_RPGsuE8kzgDIZQszh97\">\n\n\t\t\t\t\t\t\t\t\t\t\t\t<span class=\"elementor-icon-list-icon\">\n\t\t\t\t\t\t\t<svg aria-hidden=\"true\" class=\"e-font-icon-svg e-far-file-pdf\" viewBox=\"0 0 384 512\" xmlns=\"http:\/\/www.w3.org\/2000\/svg\"><path d=\"M369.9 97.9L286 14C277 5 264.8-.1 252.1-.1H48C21.5 0 0 21.5 0 48v416c0 26.5 21.5 48 48 48h288c26.5 0 48-21.5 48-48V131.9c0-12.7-5.1-25-14.1-34zM332.1 128H256V51.9l76.1 76.1zM48 464V48h160v104c0 13.3 10.7 24 24 24h104v288H48zm250.2-143.7c-12.2-12-47-8.7-64.4-6.5-17.2-10.5-28.7-25-36.8-46.3 3.9-16.1 10.1-40.6 5.4-56-4.2-26.2-37.8-23.6-42.6-5.9-4.4 16.1-.4 38.5 7 67.1-10 23.9-24.9 56-35.4 74.4-20 10.3-47 26.2-51 46.2-3.3 15.8 26 55.2 76.1-31.2 22.4-7.4 46.8-16.5 68.4-20.1 18.9 10.2 41 17 55.8 17 25.5 0 28-28.2 17.5-38.7zm-198.1 77.8c5.1-13.7 24.5-29.5 30.4-35-19 30.3-30.4 35.7-30.4 35zm81.6-190.6c7.4 0 6.7 32.1 1.8 40.8-4.4-13.9-4.3-40.8-1.8-40.8zm-24.4 136.6c9.7-16.9 18-37 24.7-54.7 8.3 15.1 18.9 27.2 30.1 35.5-20.8 4.3-38.9 13.1-54.8 19.2zm131.6-5s-5 6-37.3-7.8c35.1-2.6 40.9 5.4 37.3 7.8z\"><\/path><\/svg>\t\t\t\t\t\t<\/span>\n\t\t\t\t\t\t\t\t\t\t<span class=\"elementor-icon-list-text\">Reclamaciones listado final de resultados<\/span>\n\t\t\t\t\t\t\t\t\t\t\t<\/a>\n\t\t\t\t\t\t\t\t\t<\/li>\n\t\t\t\t\t\t\t\t<li class=\"elementor-icon-list-item\">\n\t\t\t\t\t\t\t\t\t\t\t<a href=\"https:\/\/siempreenclase.cundinamarca.gov.co\/secsuperior\/wp-content\/uploads\/2025\/07\/Publicacion-de-resultados-iniciales-2025-2-Fondo-Cundinamarca-Mas-Profesional-E.-Permanencia.pdf\">\n\n\t\t\t\t\t\t\t\t\t\t\t\t<span class=\"elementor-icon-list-icon\">\n\t\t\t\t\t\t\t<svg aria-hidden=\"true\" class=\"e-font-icon-svg e-far-file-pdf\" viewBox=\"0 0 384 512\" xmlns=\"http:\/\/www.w3.org\/2000\/svg\"><path d=\"M369.9 97.9L286 14C277 5 264.8-.1 252.1-.1H48C21.5 0 0 21.5 0 48v416c0 26.5 21.5 48 48 48h288c26.5 0 48-21.5 48-48V131.9c0-12.7-5.1-25-14.1-34zM332.1 128H256V51.9l76.1 76.1zM48 464V48h160v104c0 13.3 10.7 24 24 24h104v288H48zm250.2-143.7c-12.2-12-47-8.7-64.4-6.5-17.2-10.5-28.7-25-36.8-46.3 3.9-16.1 10.1-40.6 5.4-56-4.2-26.2-37.8-23.6-42.6-5.9-4.4 16.1-.4 38.5 7 67.1-10 23.9-24.9 56-35.4 74.4-20 10.3-47 26.2-51 46.2-3.3 15.8 26 55.2 76.1-31.2 22.4-7.4 46.8-16.5 68.4-20.1 18.9 10.2 41 17 55.8 17 25.5 0 28-28.2 17.5-38.7zm-198.1 77.8c5.1-13.7 24.5-29.5 30.4-35-19 30.3-30.4 35.7-30.4 35zm81.6-190.6c7.4 0 6.7 32.1 1.8 40.8-4.4-13.9-4.3-40.8-1.8-40.8zm-24.4 136.6c9.7-16.9 18-37 24.7-54.7 8.3 15.1 18.9 27.2 30.1 35.5-20.8 4.3-38.9 13.1-54.8 19.2zm131.6-5s-5 6-37.3-7.8c35.1-2.6 40.9 5.4 37.3 7.8z\"><\/path><\/svg>\t\t\t\t\t\t<\/span>\n\t\t\t\t\t\t\t\t\t\t<span class=\"elementor-icon-list-text\">Comunicado de resultados iniciales<\/span>\n\t\t\t\t\t\t\t\t\t\t\t<\/a>\n\t\t\t\t\t\t\t\t\t<\/li>\n\t\t\t\t\t\t<\/ul>\n\t\t\t\t\t\t<\/div>\n\t\t\t\t<\/div>\n\t\t<div class=\"elementor-element elementor-element-677fd66 e-con-full e-flex e-con e-child\" data-id=\"677fd66\" data-element_type=\"container\" data-e-type=\"container\">\n\t\t\t\t<div class=\"elementor-element elementor-element-7762fb6 elementor-widget elementor-widget-heading\" data-id=\"7762fb6\" data-element_type=\"widget\" data-e-type=\"widget\" data-widget_type=\"heading.default\">\n\t\t\t\t\t<h3 class=\"elementor-heading-title elementor-size-default\">Normatividad<\/h3>\t\t\t\t<\/div>\n\t\t\t\t<div class=\"elementor-element elementor-element-65d7c4e elementor-align-start elementor-icon-list--layout-traditional elementor-list-item-link-full_width elementor-widget elementor-widget-icon-list\" data-id=\"65d7c4e\" data-element_type=\"widget\" data-e-type=\"widget\" data-widget_type=\"icon-list.default\">\n\t\t\t\t\t\t\t<ul class=\"elementor-icon-list-items\">\n\t\t\t\t\t\t\t<li class=\"elementor-icon-list-item\">\n\t\t\t\t\t\t\t\t\t\t\t<a href=\"https:\/\/siempreenclase.cundinamarca.gov.co\/secsuperior\/wp-content\/uploads\/2025\/11\/Reglamento-Operativo-Fondo-Cundinamarca-MA\u0303\u00a1s-Profesional-v2-ediciA\u0303\u00b3n-copia.pdf\">\n\n\t\t\t\t\t\t\t\t\t\t\t\t<span class=\"elementor-icon-list-icon\">\n\t\t\t\t\t\t\t<svg aria-hidden=\"true\" class=\"e-font-icon-svg e-far-file-pdf\" viewBox=\"0 0 384 512\" xmlns=\"http:\/\/www.w3.org\/2000\/svg\"><path d=\"M369.9 97.9L286 14C277 5 264.8-.1 252.1-.1H48C21.5 0 0 21.5 0 48v416c0 26.5 21.5 48 48 48h288c26.5 0 48-21.5 48-48V131.9c0-12.7-5.1-25-14.1-34zM332.1 128H256V51.9l76.1 76.1zM48 464V48h160v104c0 13.3 10.7 24 24 24h104v288H48zm250.2-143.7c-12.2-12-47-8.7-64.4-6.5-17.2-10.5-28.7-25-36.8-46.3 3.9-16.1 10.1-40.6 5.4-56-4.2-26.2-37.8-23.6-42.6-5.9-4.4 16.1-.4 38.5 7 67.1-10 23.9-24.9 56-35.4 74.4-20 10.3-47 26.2-51 46.2-3.3 15.8 26 55.2 76.1-31.2 22.4-7.4 46.8-16.5 68.4-20.1 18.9 10.2 41 17 55.8 17 25.5 0 28-28.2 17.5-38.7zm-198.1 77.8c5.1-13.7 24.5-29.5 30.4-35-19 30.3-30.4 35.7-30.4 35zm81.6-190.6c7.4 0 6.7 32.1 1.8 40.8-4.4-13.9-4.3-40.8-1.8-40.8zm-24.4 136.6c9.7-16.9 18-37 24.7-54.7 8.3 15.1 18.9 27.2 30.1 35.5-20.8 4.3-38.9 13.1-54.8 19.2zm131.6-5s-5 6-37.3-7.8c35.1-2.6 40.9 5.4 37.3 7.8z\"><\/path><\/svg>\t\t\t\t\t\t<\/span>\n\t\t\t\t\t\t\t\t\t\t<span class=\"elementor-icon-list-text\">Reglamento Operativo<\/span>\n\t\t\t\t\t\t\t\t\t\t\t<\/a>\n\t\t\t\t\t\t\t\t\t<\/li>\n\t\t\t\t\t\t\t\t<li class=\"elementor-icon-list-item\">\n\t\t\t\t\t\t\t\t\t\t\t<a href=\"https:\/\/siempreenclase.cundinamarca.gov.co\/secsuperior\/wp-content\/uploads\/2025\/08\/Texto-de-convocatoria-01-Permanencia-2025-2.pdf\">\n\n\t\t\t\t\t\t\t\t\t\t\t\t<span class=\"elementor-icon-list-icon\">\n\t\t\t\t\t\t\t<svg aria-hidden=\"true\" class=\"e-font-icon-svg e-far-file-pdf\" viewBox=\"0 0 384 512\" xmlns=\"http:\/\/www.w3.org\/2000\/svg\"><path d=\"M369.9 97.9L286 14C277 5 264.8-.1 252.1-.1H48C21.5 0 0 21.5 0 48v416c0 26.5 21.5 48 48 48h288c26.5 0 48-21.5 48-48V131.9c0-12.7-5.1-25-14.1-34zM332.1 128H256V51.9l76.1 76.1zM48 464V48h160v104c0 13.3 10.7 24 24 24h104v288H48zm250.2-143.7c-12.2-12-47-8.7-64.4-6.5-17.2-10.5-28.7-25-36.8-46.3 3.9-16.1 10.1-40.6 5.4-56-4.2-26.2-37.8-23.6-42.6-5.9-4.4 16.1-.4 38.5 7 67.1-10 23.9-24.9 56-35.4 74.4-20 10.3-47 26.2-51 46.2-3.3 15.8 26 55.2 76.1-31.2 22.4-7.4 46.8-16.5 68.4-20.1 18.9 10.2 41 17 55.8 17 25.5 0 28-28.2 17.5-38.7zm-198.1 77.8c5.1-13.7 24.5-29.5 30.4-35-19 30.3-30.4 35.7-30.4 35zm81.6-190.6c7.4 0 6.7 32.1 1.8 40.8-4.4-13.9-4.3-40.8-1.8-40.8zm-24.4 136.6c9.7-16.9 18-37 24.7-54.7 8.3 15.1 18.9 27.2 30.1 35.5-20.8 4.3-38.9 13.1-54.8 19.2zm131.6-5s-5 6-37.3-7.8c35.1-2.6 40.9 5.4 37.3 7.8z\"><\/path><\/svg>\t\t\t\t\t\t<\/span>\n\t\t\t\t\t\t\t\t\t\t<span class=\"elementor-icon-list-text\">Texto de convocatoria<\/span>\n\t\t\t\t\t\t\t\t\t\t\t<\/a>\n\t\t\t\t\t\t\t\t\t<\/li>\n\t\t\t\t\t\t<\/ul>\n\t\t\t\t\t\t<\/div>\n\t\t\t\t<\/div>\n\t\t<div class=\"elementor-element elementor-element-4245bc3 e-con-full e-flex e-con e-child\" data-id=\"4245bc3\" data-element_type=\"container\" data-e-type=\"container\">\n\t\t\t\t<div class=\"elementor-element elementor-element-069b2ad elementor-widget elementor-widget-heading\" data-id=\"069b2ad\" data-element_type=\"widget\" data-e-type=\"widget\" data-widget_type=\"heading.default\">\n\t\t\t\t\t<h3 class=\"elementor-heading-title elementor-size-default\">Cronograma<\/h3>\t\t\t\t<\/div>\n\t\t\t\t<div class=\"elementor-element elementor-element-1254dea elementor-widget elementor-widget-text-editor\" data-id=\"1254dea\" data-element_type=\"widget\" data-e-type=\"widget\" data-widget_type=\"text-editor.default\">\n\t\t\t\t\t\t\t\t\t<p class=\"whitespace-normal break-words\"><strong>1. Recepci\u00f3n de postulaciones<\/strong><br \/>Del 10 de junio al 2 de julio de 2025<\/p><p class=\"whitespace-normal break-words\"><strong>2. Validaci\u00f3n y evaluaci\u00f3n<\/strong><br \/>Del 03 de julio al 16 de julio de 2025<\/p><p class=\"whitespace-normal break-words\"><strong>3. Publicaci\u00f3n de primeros resultados<\/strong><br \/>Del 17 al 18 de julio de 2025<\/p><p class=\"whitespace-normal break-words\"><strong>4. Subsanaciones y reclamaciones<\/strong><br \/>Del 21 al 25 de julio de 2025<\/p><p class=\"whitespace-normal break-words\"><strong>5. Publicaci\u00f3n de listado final<\/strong><br \/>Del 28 al 29 de julio de 2025<\/p><p class=\"whitespace-normal break-words\"><strong>6. Legalizaci\u00f3n del cr\u00e9dito condonable<\/strong><br \/>Del 30 de julio al 14 de agosto de 2025<\/p><hr \/><p class=\"whitespace-normal break-words\"><strong>Importante:<\/strong> Recuerda estar atento a cada fase del proceso y cumplir con los plazos establecidos para no perder la oportunidad de acceder al beneficio.<\/p>\t\t\t\t\t\t\t\t<\/div>\n\t\t\t\t<\/div>\n\t\t<div class=\"elementor-element elementor-element-4dcdc4b e-con-full e-flex e-con e-child\" data-id=\"4dcdc4b\" data-element_type=\"container\" data-e-type=\"container\">\n\t\t\t\t<div class=\"elementor-element elementor-element-abef2de elementor-widget elementor-widget-heading\" data-id=\"abef2de\" data-element_type=\"widget\" data-e-type=\"widget\" data-widget_type=\"heading.default\">\n\t\t\t\t\t<h3 class=\"elementor-heading-title elementor-size-default\">\u00bfC\u00f3mo postularme?<\/h3>\t\t\t\t<\/div>\n\t\t\t\t<div class=\"elementor-element elementor-element-6273450 elementor-widget elementor-widget-text-editor\" data-id=\"6273450\" data-element_type=\"widget\" data-e-type=\"widget\" data-widget_type=\"text-editor.default\">\n\t\t\t\t\t\t\t\t\t<p><strong>1.<\/strong> Consulta el texto de convocatoria para conocer toda la informaci\u00f3n de la estrategia.<\/p><p><strong>2.<\/strong> Haz clic en el bot\u00f3n \u201cInicia tu postulaci\u00f3n aqu\u00ed\u201d.<\/p><p><strong>3.<\/strong> Diligencia completamente el formulario en l\u00ednea.<\/p><p><strong>4.<\/strong> Adjunta los documentos requeridos.<\/p><p><strong>5.<\/strong> Consulta frecuentemente el portal para conocer actualizaciones del proceso.<\/p>\t\t\t\t\t\t\t\t<\/div>\n\t\t\t\t<\/div>\n\t\t<div class=\"elementor-element elementor-element-d459f7e e-con-full e-flex e-con e-child\" data-id=\"d459f7e\" data-element_type=\"container\" data-e-type=\"container\">\n\t\t\t\t<div class=\"elementor-element elementor-element-873e417 elementor-widget elementor-widget-heading\" data-id=\"873e417\" data-element_type=\"widget\" data-e-type=\"widget\" data-widget_type=\"heading.default\">\n\t\t\t\t\t<h3 class=\"elementor-heading-title elementor-size-default\">\u00bfTienes dudas?<\/h3>\t\t\t\t<\/div>\n\t\t\t\t<div class=\"elementor-element elementor-element-df25911 elementor-widget elementor-widget-text-editor\" data-id=\"df25911\" data-element_type=\"widget\" data-e-type=\"widget\" data-widget_type=\"text-editor.default\">\n\t\t\t\t\t\t\t\t\t<p>Cont\u00e1ctate con nosotros<\/p><ul><li>Dudas sobre el Fondo \u00abCundinamarca M\u00e1s Profesional\u00bb: llama a los n\u00fameros (601) 7491326 o (601) 7491976.<\/li><li>Dudas sobre la plataforma para postularme a las estrategias del Fondo \u00abCundinamarca M\u00e1s Profesional\u00bb: comun\u00edcate al (318) 592 0077, v\u00eda llamada o WhatsApp.<\/li><\/ul>\t\t\t\t\t\t\t\t<\/div>\n\t\t\t\t<\/div>\n\t\t\t\t<\/div>\n\t\t\t\t\t<\/div>\n\t\t\t\t<\/div>\n\t\t\t\t<\/div>\n\t\t","protected":false},"excerpt":{"rendered":"<p>Inicio &gt; Cundinamarca M\u00e1s Profesional \u00bfA qui\u00e9n est\u00e1 dirigido? Poblaci\u00f3n cundinamarquesa o que haya vivido en el departamento por, al menos cinco (5) a\u00f1os, graduado de una instituci\u00f3n educativa p\u00fablica o privada de Cundinamarca (pueden aplicar convalidados por ICFES mientras cumplan el resto de requisitos habilitantes), admitido(a) para cursar un programa profesional, t\u00e9cnico o tecnol\u00f3gico [&hellip;]<\/p>\n","protected":false},"author":1,"featured_media":0,"parent":0,"menu_order":0,"comment_status":"closed","ping_status":"closed","template":"elementor_header_footer","meta":{"footnotes":""},"class_list":["post-545","page","type-page","status-publish","hentry"],"_links":{"self":[{"href":"https:\/\/siempreenclase.cundinamarca.gov.co\/secsuperior\/wp-json\/wp\/v2\/pages\/545","targetHints":{"allow":["GET"]}}],"collection":[{"href":"https:\/\/siempreenclase.cundinamarca.gov.co\/secsuperior\/wp-json\/wp\/v2\/pages"}],"about":[{"href":"https:\/\/siempreenclase.cundinamarca.gov.co\/secsuperior\/wp-json\/wp\/v2\/types\/page"}],"author":[{"embeddable":true,"href":"https:\/\/siempreenclase.cundinamarca.gov.co\/secsuperior\/wp-json\/wp\/v2\/users\/1"}],"replies":[{"embeddable":true,"href":"https:\/\/siempreenclase.cundinamarca.gov.co\/secsuperior\/wp-json\/wp\/v2\/comments?post=545"}],"version-history":[{"count":82,"href":"https:\/\/siempreenclase.cundinamarca.gov.co\/secsuperior\/wp-json\/wp\/v2\/pages\/545\/revisions"}],"predecessor-version":[{"id":1370,"href":"https:\/\/siempreenclase.cundinamarca.gov.co\/secsuperior\/wp-json\/wp\/v2\/pages\/545\/revisions\/1370"}],"wp:attachment":[{"href":"https:\/\/siempreenclase.cundinamarca.gov.co\/secsuperior\/wp-json\/wp\/v2\/media?parent=545"}],"curies":[{"name":"wp","href":"https:\/\/api.w.org\/{rel}","templated":true}]}}